{"id":1769,"date":"2017-04-07T09:21:00","date_gmt":"2017-04-07T09:21:00","guid":{"rendered":"https:\/\/visitkanfanar.hr\/ereignisse\/jakovlja\/"},"modified":"2019-07-18T06:03:57","modified_gmt":"2019-07-18T06:03:57","slug":"jakovlja","status":"publish","type":"page","link":"https:\/\/visitkanfanar.hr\/de\/ereignisse\/jakovlja\/","title":{"rendered":"Jakovlja"},"content":{"rendered":"<p>[vc_row][vc_column][vc_column_text]Am letzten Wochenende im Monat Juli findet traditionell das gr\u00f6\u00dfte Volksfest in Kanfanar \u2013 Jakovlja \u2013 statt.<\/p>\n<p>Seit altersher wurden auf diesem Gebiet neben den Ruinen des diesem Heiligen geweihten ehemaligen Klosters an der Kreuzung einiger Gemeinden Viehmessen veranstaltet. Anfang der neunziger Jahre des 20. Jh. wurde die Tradition wieder aufgenommen und das Volksfest der istrischen Ochsen ist ihr zentrales Ereignis. In jenen Jahren waren die istrischen Ochsen (Bo\u0161karin) sehr gering an der Zahl und die ganze Rasse bedrohte auszusterben. Um die \u00d6ffentlichkeit dar\u00fcber aufzukl\u00e4ren, dass Istrien kurz davorsteht, ihr gr\u00f6\u00dftes Symbol g\u00e4nzlich einzub\u00fc\u00dfen, erfanden die Kanfanaren das Volksfest der Ochsen, auf dem von da an bis heute auch die Wahl des sch\u00f6nsten, schwersten und folgsamsten Ochsen Istriens stattfindet. Es ist gr\u00f6\u00dftenteils auch Jakovlja zu verdanken, dass im Laufe der Zeit die Zahl der Ochsen Istriens sich erh\u00f6hte, obwohl die Rasse nie aufgeh\u00f6rt hat gef\u00e4hrdet zu sein. Auch heutzutage erscheinen die stolzen Besitzer der Bo\u0161karin auf dem Volksfest in Kanfanar mit ihren \u00fcber eine Tonne schweren Tieren. Nach der Er\u00f6ffnung des Volksfestes begibt sich der Festumzug zur \u00f6ffentlichen Waage, wo die schwersten Ochsen ausgew\u00e4hlt werden, und sodann demonstriert wird, wie einstmals mit den Ochsen gepfl\u00fcgt wurde. Diese interessante Geschicklichkeit k\u00f6nnen auch die Besucher ausprobieren. Nach der Verk\u00fcndung der schwersten, gehorsamsten und sch\u00f6nsten Ochsen Istriens beginnt der unterhaltsame Teil des Festes, der bis in die Nacht andauert, begleitet von einem abwechslungsreichen kultur-k\u00fcnstlerischen und Unterhaltungsprogramm.<\/p>\n<p>Verschiedene andere Programme bereichern heutzutage Jakovlja. Am Freitag ist die <em>gastro show<\/em> Fu\u017eijada angesagt, auf der man lernen kann, wie Fu\u017ei, diese bekannteste Nudelspezialit\u00e4t Istriens, hergestellt und zubereitet wird. Nat\u00fcrlich kann man sie auch probieren, und zwar mit verschiedenen So\u00dfen.<\/p>\n<p>Suchen Sie unvergessliche Erlebnisse der Gastronomie, Tradition, Kultur und Vergangenheit Istriens \u2013 dann hei\u00dfen wir Sie willkommen zur Jakovlja!<\/p>\n<p>&nbsp;<\/p>\n<p><em>Die Manifestation Jakovlja ist Tr\u00e4ger des diesj\u00e4hrigen Nationalpreises Simply the best (2016) als beste von lokalem Brauchtum und Tradition inspirierte Manifestation.<\/em><\/p>\n<p>&nbsp;<\/p>\n<h2><a href=\"https:\/\/visitkanfanar.hr\/wp-content\/uploads\/2019\/07\/letak-1.jpg\"><strong>JAKOVLJA 2019<\/strong><\/a><\/h2>\n<p>&nbsp;<\/p>\n<p>[\/vc_column_text][\/vc_column][\/vc_row][vc_row][vc_column][vc_gallery type=&#8220;image_grid&#8220; images=&#8220;937,877,1738,1742,1746,1750,1754,1758,1762&#8243;][\/vc_column][\/vc_row]<\/p>\n","protected":false},"excerpt":{"rendered":"<p>[vc_row][vc_column][vc_column_text]Am letzten Wochenende im Monat Juli findet traditionell das gr\u00f6\u00dfte Volksfest in Kanfanar \u2013 Jakovlja \u2013 statt. Seit altersher wurden &#8230;<\/p>\n","protected":false},"author":1,"featured_media":5318,"parent":1711,"menu_order":0,"comment_status":"closed","ping_status":"closed","template":"","meta":[],"_links":{"self":[{"href":"https:\/\/visitkanfanar.hr\/de\/wp-json\/wp\/v2\/pages\/1769"}],"collection":[{"href":"https:\/\/visitkanfanar.hr\/de\/wp-json\/wp\/v2\/pages"}],"about":[{"href":"https:\/\/visitkanfanar.hr\/de\/wp-json\/wp\/v2\/types\/page"}],"author":[{"embeddable":true,"href":"https:\/\/visitkanfanar.hr\/de\/wp-json\/wp\/v2\/users\/1"}],"replies":[{"embeddable":true,"href":"https:\/\/visitkanfanar.hr\/de\/wp-json\/wp\/v2\/comments?post=1769"}],"version-history":[{"count":5,"href":"https:\/\/visitkanfanar.hr\/de\/wp-json\/wp\/v2\/pages\/1769\/revisions"}],"predecessor-version":[{"id":6884,"href":"https:\/\/visitkanfanar.hr\/de\/wp-json\/wp\/v2\/pages\/1769\/revisions\/6884"}],"up":[{"embeddable":true,"href":"https:\/\/visitkanfanar.hr\/de\/wp-json\/wp\/v2\/pages\/1711"}],"wp:featuredmedia":[{"embeddable":true,"href":"https:\/\/visitkanfanar.hr\/de\/wp-json\/wp\/v2\/media\/5318"}],"wp:attachment":[{"href":"https:\/\/visitkanfanar.hr\/de\/wp-json\/wp\/v2\/media?parent=1769"}],"curies":[{"name":"wp","href":"https:\/\/api.w.org\/{rel}","templated":true}]}}